{"id":14676,"date":"2024-10-11T00:38:51","date_gmt":"2024-10-10T22:38:51","guid":{"rendered":"https:\/\/www.bratislavadesignweek.sk\/?page_id=14676"},"modified":"2024-10-11T01:30:40","modified_gmt":"2024-10-10T23:30:40","slug":"program","status":"publish","type":"page","link":"https:\/\/www.bratislavadesignweek.sk\/en\/program\/","title":{"rendered":"PROGRAM"},"content":{"rendered":"<div data-elementor-type=\"wp-page\" data-elementor-id=\"14676\" class=\"elementor elementor-14676\" data-elementor-post-type=\"page\">\n\t\t\t\t<div class=\"elementor-element elementor-element-42fb75f e-flex e-con-boxed e-con e-parent\" data-id=\"42fb75f\" data-element_type=\"container\">\n\t\t\t\t\t<div class=\"e-con-inner\">\n\t\t\t\t<div class=\"elementor-element elementor-element-435b4ef elementor-widget elementor-widget-heading\" data-id=\"435b4ef\" data-element_type=\"widget\" data-widget_type=\"heading.default\">\n\t\t\t\t<div class=\"elementor-widget-container\">\n\t\t\t<h2 class=\"elementor-heading-title elementor-size-default\">Opening hours of BADW exhibitions<\/h2>\t\t<\/div>\n\t\t\t\t<\/div>\n\t\t\t\t\t<\/div>\n\t\t\t\t<\/div>\n\t\t<div class=\"elementor-element elementor-element-ca4ef24 e-grid e-con-boxed e-con e-parent\" data-id=\"ca4ef24\" data-element_type=\"container\">\n\t\t\t\t\t<div class=\"e-con-inner\">\n\t\t\t\t<div class=\"elementor-element elementor-element-2730740 elementor-widget elementor-widget-text-editor\" data-id=\"2730740\" data-element_type=\"widget\" data-widget_type=\"text-editor.default\">\n\t\t\t\t<div class=\"elementor-widget-container\">\n\t\t\t\t\t\t\t<p class=\"has-text-color has-link-color\"><span style=\"color: #e66e28;\"><strong>Main headquarters OD Prior \/ 2nd floor<\/strong><\/span><\/p>\n<p class=\"has-text-color has-link-color\"><span style=\"color: #e66e28;\">OPEN CALL, Curatorial Selection\u00a0\u00a0<\/span><\/p>\n<p class=\"has-text-color has-link-color\"><span style=\"color: #e66e28;\">8:00 - 20:00\u00a0<\/span><\/p>\n<p class=\"has-text-color has-link-color\"><span style=\"color: #e66e28;\"><strong>GMB Headquarters Mirbach Palace<\/strong>\u00a0\u00a0<\/span><\/p>\n<p class=\"has-text-color has-link-color\"><span style=\"color: #e66e28; font-family: var( --e-global-typography-text-font-family ), Sans-serif; font-size: var( --e-global-typography-text-font-size ); letter-spacing: var( --e-global-typography-text-letter-spacing ); text-align: var(--text-align);\">Edition Masters, Expedition D<\/span><\/p>\n<p class=\"has-text-color has-link-color\"><span style=\"color: #e66e28;\">Monday: closed<\/span><\/p>\n<p class=\"has-text-color has-link-color\"><span style=\"color: #e66e28;\">Tuesday: 11:00 - 18:00\u00a0<\/span><\/p>\n<p class=\"has-text-color has-link-color\"><span style=\"color: #e66e28;\">Wednesday: 13:00 - 20:00\u00a0<\/span><\/p>\n<p class=\"has-text-color has-link-color\"><span style=\"color: #e66e28;\">Thursday - Sunday: 11:00 - 18:00\u00a0<\/span><\/p>\n<p>\u00a0<\/p>\n<p>\u00a0<\/p>\t\t\t\t\t\t<\/div>\n\t\t\t\t<\/div>\n\t\t\t\t<div class=\"elementor-element elementor-element-c39f1d1 elementor-widget elementor-widget-text-editor\" data-id=\"c39f1d1\" data-element_type=\"widget\" data-widget_type=\"text-editor.default\">\n\t\t\t\t<div class=\"elementor-widget-container\">\n\t\t\t\t\t\t\t<p class=\"has-text-color has-link-color\"><span style=\"color: #e66e28;\"><strong>OPENING HOURS Parallel Area<\/strong><\/span><\/p>\n<p class=\"has-text-color has-link-color\"><span style=\"color: #e66e28;\"><strong>K\u00fat.museum shop<\/strong>\u00a0 16. 10. - 20. 10., 10:00 -18:00 h<\/span><\/p>\n<p class=\"has-text-color has-link-color\"><span style=\"color: #e66e28;\">Located in a corner of the courtyard of the Old Town Hall on Primatial Square 3 Wednesday to Sunday\u00a0<\/span><\/p>\n<p class=\"has-text-color has-link-color\"><span style=\"color: #e66e28;\"><strong>NATIONAL DESIGN AWARD \u00a0<\/strong>Tuesday - Sunday, 13:00 - 18:00 h<\/span><\/p>\n<p><span style=\"color: #e66e28;\">Hurbanove barracks, attic, Koll\u00e1rovo n\u00e1mestie 10, Bratislava<\/span><\/p>\n<p><span style=\"color: #e66e28;\">Duration: 17 October - 15 December 2024<\/span><\/p>\n<p class=\"has-text-color has-link-color\"><span style=\"color: #e66e28;\"><strong>ATELIER MUSA <\/strong>16.10 - 20.10, 10:00 - 17:00 h<\/span><\/p>\n<p class=\"has-text-color has-link-color\"><span style=\"color: #e66e28;\">Tobruck\u00e1 1 BRATISLAVA<\/span><\/p>\n<p class=\"has-text-color has-link-color\"><span style=\"color: #e66e28;\"><strong>Czech House <\/strong>15.10 - 18.10., 10.00 - 17.00 h<\/span><\/p>\n<p><span style=\"color: #e66e28;\">Prepo\u0161tsk\u00e1 5, Bratislava<\/span><\/p>\n<p class=\"has-text-color has-link-color\"><span style=\"color: #e66e28;\"><strong>OZ Denamit - ROOM <\/strong>15. 10 &#8211; 20. 10., 15:00 &#8211; 17:00<\/span><\/p>\n<p class=\"has-text-color has-link-color\"><span style=\"color: #e66e28;\">\u0160olt\u00e9sova Street, green gate between the entrance 11 and 13<\/span><\/p>\t\t\t\t\t\t<\/div>\n\t\t\t\t<\/div>\n\t\t\t\t\t<\/div>\n\t\t\t\t<\/div>\n\t\t<div class=\"elementor-element elementor-element-da1e1a8 e-flex e-con-boxed e-con e-parent\" data-id=\"da1e1a8\" data-element_type=\"container\">\n\t\t\t\t\t<div class=\"e-con-inner\">\n\t\t\t\t<div class=\"elementor-element elementor-element-56d61b2 elementor-widget elementor-widget-heading\" data-id=\"56d61b2\" data-element_type=\"widget\" data-widget_type=\"heading.default\">\n\t\t\t\t<div class=\"elementor-widget-container\">\n\t\t\t<h2 class=\"elementor-heading-title elementor-size-default\">Festival programme<\/h2>\t\t<\/div>\n\t\t\t\t<\/div>\n\t\t\t\t\t<\/div>\n\t\t\t\t<\/div>\n\t\t<div class=\"elementor-element elementor-element-d2bad06 e-grid e-con-boxed e-con e-parent\" data-id=\"d2bad06\" data-element_type=\"container\">\n\t\t\t\t\t<div class=\"e-con-inner\">\n\t\t\t\t<div class=\"elementor-element elementor-element-1143de8 elementor-widget elementor-widget-text-editor\" data-id=\"1143de8\" data-element_type=\"widget\" data-widget_type=\"text-editor.default\">\n\t\t\t\t<div class=\"elementor-widget-container\">\n\t\t\t\t\t\t\t<p class=\"has-text-color has-link-color\" style=\"color: #e66e28;\"><strong style=\"font-size: 18pt; font-family: var( --e-global-typography-text-font-family ), Sans-serif; letter-spacing: var( --e-global-typography-text-letter-spacing ); text-align: var(--text-align);\">WEDNESDAY 16 OCTOBER 2024\u00a0<\/strong><\/p>\n<p class=\"has-text-color has-link-color\" style=\"color: #e66e28;\"><strong>13:00 Design Lunch | PARASITE 02 | performance CLOUD<\/strong><\/p>\n<p class=\"has-text-color has-link-color\" style=\"color: #e66e28;\">How a cloud is formed. The multidisciplinary architectural studio PARASITE 02 and their fast, monumental and ephemeral performance. P.S.: Come on time.<\/p>\n<p class=\"has-text-color has-link-color\" style=\"color: #e66e28;\">Place: the Stone Square by the Prior foundation stone<\/p>\n<p class=\"has-text-color has-link-color\" style=\"color: #e66e28;\"><strong>17:00 Vernissage of the National Prize for Communication Design<\/strong><\/p>\n<p class=\"has-text-color has-link-color\" style=\"color: #e66e28;\">Location: the Hurban Barracks, 2nd floor, Koll\u00e1rove n\u00e1mestie 10,\u00a0<\/p>\n<p class=\"has-text-color has-link-color\" style=\"color: #e66e28;\">During BADW, also visit the Transmodernity\/ LOMA exhibition at the Satelit Design Gallery.<\/p>\n<p class=\"has-text-color has-link-color\" style=\"color: #e66e28;\"><strong>18:00 - 20:00 Design Dinner x TALKS\u00a0\u00a0<\/strong><\/p>\n<p class=\"has-text-color has-link-color\" style=\"color: #e66e28;\">Presentations of design projects<\/p>\n<p class=\"has-text-color has-link-color\" style=\"color: #e66e28;\"><strong>P\u00c1R (CZ),Julien Chaintreau (CH),Sonia G\u00f3recka (PL),Jan Christian Schulz (DE),<\/strong><\/p>\n<p class=\"has-text-color has-link-color\" style=\"color: #e66e28;\"><strong>Key speaker: Parasite 2.0 (IT)\u00a0<\/strong><\/p>\n<p class=\"has-text-color has-link-color\" style=\"color: #e66e28;\">Location: <strong>PRIOR, 2nd floor<\/strong><\/p>\n<p>\u00a0<\/p>\n<p class=\"has-text-color has-link-color has-medium-font-size\" style=\"color: #e66e28;\"><span style=\"font-size: 18pt;\"><strong>THURSDAY 17 OCTOBER 2024<\/strong><\/span><\/p>\n<p class=\"has-text-color has-link-color\" style=\"color: #e66e28;\"><strong>13:00 Lenka Ingeliov\u00e1 | NEPLECHA \/ outdoor installation\u00a0<\/strong><\/p>\n<p class=\"has-text-color has-link-color\" style=\"color: #e66e28;\"><strong>project presentation and sound performance<\/strong><\/p>\n<p class=\"has-text-color has-link-color\" style=\"color: #e66e28;\">Venue: exterior Boh\u00e9ma, Prior, Kamenn\u00e9 n\u00e1mestie\u00a0<\/p>\n<p class=\"has-text-color has-link-color\" style=\"color: #e66e28;\"><strong>16:00 Pral\u00e1tka by Petr Stanick\u00fd\u00a0<\/strong><\/p>\n<p class=\"has-text-color has-link-color\" style=\"color: #e66e28;\"><strong>Guided tour and discussion\u00a0<\/strong><\/p>\n<p class=\"has-text-color has-link-color\" style=\"color: #e66e28;\">Place: the Czech House, Gallery, Prepo\u0161tsk\u00e1 6<\/p>\n<p class=\"has-text-color has-link-color\" style=\"color: #e66e28;\"><strong>16:00 Guided tour of the exhibition Expedition D and discussion with Prof. Karl Weisslechner (BADW Masters Edition) \/<\/strong><\/p>\n<p class=\"has-text-color has-link-color\" style=\"color: #e66e28;\"><strong>Location:\u00a0<\/strong>GMB, Mirbach Palace, Franti\u0161k\u00e1nske n\u00e1mestie 11\u00a0<\/p>\n<p class=\"has-text-color has-link-color\" style=\"color: #e66e28;\"><strong>17.00 Peter Li\u0161ka Non-automatic formulas\u00a0<\/strong><\/p>\n<p class=\"has-text-color has-link-color\" style=\"color: #e66e28;\">Place: the Corner Shop, Bratislava City Museum courtyard , Radni\u010dn\u00e1 Street No. 1<\/p>\n<p class=\"has-text-color has-link-color\" style=\"color: #e66e28;\"><strong>20:00 Launch of Viktor Tabi\u0161's new collection Vase - Christmas Balls<\/strong>\u00a0<\/p>\n<p class=\"has-text-color has-link-color\" style=\"color: #e66e28;\">Venue: Space Object, Palis\u00e1dy 23\u00a0<\/p>\n<p>\u00a0<\/p>\n<p class=\"has-text-color has-link-color has-medium-font-size\" style=\"color: #e66e28;\"><span style=\"font-size: 18pt;\"><strong>FRIDAY 18 OCTOBER 2024<\/strong><\/span><\/p>\n<p class=\"has-text-color has-link-color\" style=\"color: #e66e28;\"><strong>17:00 | MINDSET - Live podcast with Bohunka Koklesov\u00e1, Rector of the Academy of Fine Arts, and designer Dami\u00e1n Cehl\u00e1rik.\u00a0<\/strong><\/p>\n<p class=\"has-text-color has-link-color\" style=\"color: #e66e28;\">Location: the main headquarters of OD PRIOR, 2nd floor<\/p>\n<p class=\"has-text-color has-link-color\" style=\"color: #e66e28;\"><strong>17:00 - 20:00 Speed Design Dates \/ speed dating in the exhibition \/password GREP<\/strong><\/p>\n<p class=\"has-text-color has-link-color\" style=\"color: #e66e28;\">Main Headquarters, 2nd floor\u00a0<\/p>\n<p class=\"has-text-color has-link-color\" style=\"color: #e66e28;\"><strong>20:00 Freedom, culture, strike <\/strong><strong>\/ graphic support tribute resistance\u00a0<\/strong><\/p>\n<p class=\"has-text-color has-link-color\" style=\"color: #e66e28;\">Light performance PARTNER: Open Culture\u00a0<\/p>\n<p class=\"has-text-color has-link-color\" style=\"color: #e66e28;\">Prior, Kamenn\u00e9 n\u00e1mestie, exterior<\/p>\n<p class=\"has-text-color has-link-color\" style=\"color: #e66e28;\"><strong>22:00 Design Night Fever<\/strong><\/p>\n<p class=\"has-text-color has-link-color\" style=\"color: #e66e28;\">DJs MACROSOFT (AT), Cere\u00e1l (CZ), DJ D.K.O<\/p>\n<p class=\"has-text-color has-link-color\" style=\"color: #e66e28;\">DJs MACROSOFT (AT) is a member of the multimedia design studio from Vienna ECLECT \/ Partner Austrian Cultural Forum\u00a0\u00a0<\/p>\n<p class=\"has-text-color has-link-color\" style=\"color: #e66e28;\">Venue:BOH\u00c9MA, Kamenn\u00e9 n\u00e1mestie<\/p>\t\t\t\t\t\t<\/div>\n\t\t\t\t<\/div>\n\t\t\t\t<div class=\"elementor-element elementor-element-2443038b elementor-widget elementor-widget-text-editor\" data-id=\"2443038b\" data-element_type=\"widget\" data-widget_type=\"text-editor.default\">\n\t\t\t\t<div class=\"elementor-widget-container\">\n\t\t\t\t\t\t\t<p><!-- wp:paragraph {\"style\":{\"color\":{\"text\":\"#e66e28\"},\"elements\":{\"link\":{\"color\":{\"text\":\"#e66e28\"}}}}} --><\/p>\n<p class=\"has-text-color has-link-color has-medium-font-size\" style=\"color: #e66e28;\"><span style=\"font-size: 18pt;\"><strong>SATURDAY 19 OCTOBER 2024<\/strong><\/span><\/p>\n<p><!-- \/wp:paragraph --><\/p>\n<p><!-- wp:paragraph {\"style\":{\"color\":{\"text\":\"#e66e28\"},\"elements\":{\"link\":{\"color\":{\"text\":\"#e66e28\"}}}}} --><\/p>\n<p class=\"has-text-color has-link-color\" style=\"color: #e66e28;\"><strong>16:00 Guided tour of Stone Square<\/strong> with an emphasis on the architecture of OD Prior - accompanied by architectural historian Monika Bo\u010dkov\u00e1.<\/p>\n<p><!-- \/wp:paragraph --><\/p>\n<p><!-- wp:paragraph {\"style\":{\"color\":{\"text\":\"#e66e28\"},\"elements\":{\"link\":{\"color\":{\"text\":\"#e66e28\"}}}}} --><\/p>\n<p class=\"has-text-color has-link-color\" style=\"color: #e66e28;\">Place: meeting point at the bell tower OD Prior\u00a0<\/p>\n<p><!-- \/wp:paragraph --><\/p>\n<p><!-- wp:paragraph {\"style\":{\"color\":{\"text\":\"#e66e28\"},\"elements\":{\"link\":{\"color\":{\"text\":\"#e66e28\"}}}}} --><\/p>\n<p class=\"has-text-color has-link-color\" style=\"color: #e66e28;\">Registration at: badw.sk \/ price: 4 \u20ac<\/p>\n<p><!-- \/wp:paragraph --><\/p>\n<p><!-- wp:paragraph {\"style\":{\"color\":{\"text\":\"#e66e28\"},\"elements\":{\"link\":{\"color\":{\"text\":\"#e66e28\"}}}}} --><\/p>\n<p class=\"has-text-color has-link-color\" style=\"color: #e66e28;\"><strong>17:00 - 21:00 Speed Design Dates \/ speed dating in the exhibition \/ password GREP<\/strong><\/p>\n<p><!-- \/wp:paragraph --><\/p>\n<p><!-- wp:paragraph {\"style\":{\"color\":{\"text\":\"#e66e28\"},\"elements\":{\"link\":{\"color\":{\"text\":\"#e66e28\"}}}}} --><\/p>\n<p class=\"has-text-color has-link-color\" style=\"color: #e66e28;\">Location: 2nd floor, Prior\u00a0<\/p>\n<p><!-- \/wp:paragraph --><\/p>\n<p><!-- wp:paragraph {\"style\":{\"color\":{\"text\":\"#e66e28\"},\"elements\":{\"link\":{\"color\":{\"text\":\"#e66e28\"}}}}} --><\/p>\n<p class=\"has-text-color has-link-color\" style=\"color: #e66e28;\"><strong>17:00 workshop VIKTORIA KASLIK (HU)<\/strong><\/p>\n<p><!-- \/wp:paragraph --><\/p>\n<p><!-- wp:paragraph {\"style\":{\"color\":{\"text\":\"#e66e28\"},\"elements\":{\"link\":{\"color\":{\"text\":\"#e66e28\"}}}}} --><\/p>\n<p class=\"has-text-color has-link-color\" style=\"color: #e66e28;\">An ephemeral workshop of a designer and judge in one and her simulated repair of the court system in collaboration with the audience.<\/p>\n<p><!-- \/wp:paragraph --><\/p>\n<p><!-- wp:paragraph {\"style\":{\"color\":{\"text\":\"#e66e28\"},\"elements\":{\"link\":{\"color\":{\"text\":\"#e66e28\"}}}}} --><\/p>\n<p class=\"has-text-color has-link-color\" style=\"color: #e66e28;\">Location: 2nd floor, Prior\u00a0<\/p>\n<p><!-- \/wp:paragraph --><\/p>\n<p><!-- wp:paragraph {\"style\":{\"color\":{\"text\":\"#e66e28\"},\"elements\":{\"link\":{\"color\":{\"text\":\"#e66e28\"}}}}} --><\/p>\n<p class=\"has-text-color has-link-color\" style=\"color: #e66e28;\"><strong>18:00 performance TIN AYALA (ECUADOR)<\/strong><\/p>\n<p><!-- \/wp:paragraph --><\/p>\n<p><!-- wp:paragraph {\"style\":{\"color\":{\"text\":\"#e66e28\"},\"elements\":{\"link\":{\"color\":{\"text\":\"#e66e28\"}}}}} --><\/p>\n<p class=\"has-text-color has-link-color\" style=\"color: #e66e28;\">Location: 2nd floor, Prior\u00a0<\/p>\n<p><!-- \/wp:paragraph --><\/p>\n<p><!-- wp:paragraph {\"style\":{\"color\":{\"text\":\"#e66e28\"},\"elements\":{\"link\":{\"color\":{\"text\":\"#e66e28\"}}}}} --><\/p>\n<p class=\"has-text-color has-link-color\" style=\"color: #e66e28;\"><strong>18:30 BADW AWARDS 2024<\/strong><\/p>\n<p><!-- \/wp:paragraph --><\/p>\n<p><!-- wp:paragraph {\"style\":{\"color\":{\"text\":\"#e66e28\"},\"elements\":{\"link\":{\"color\":{\"text\":\"#e66e28\"}}}}} --><\/p>\n<p class=\"has-text-color has-link-color\" style=\"color: #e66e28;\">Announcement of the winners - best designer, collection, BADW discovery<\/p>\n<p><!-- \/wp:paragraph --><\/p>\n<p><!-- wp:paragraph {\"style\":{\"color\":{\"text\":\"#e66e28\"},\"elements\":{\"link\":{\"color\":{\"text\":\"#e66e28\"}}}}} --><\/p>\n<p class=\"has-text-color has-link-color\" style=\"color: #e66e28;\">Location: 2nd floor, Prior<\/p>\n<p><!-- \/wp:paragraph --><\/p>\n<p><!-- wp:paragraph {\"style\":{\"color\":{\"text\":\"#e66e28\"},\"elements\":{\"link\":{\"color\":{\"text\":\"#e66e28\"}}}}} --><\/p>\n<p class=\"has-text-color has-link-color\" style=\"color: #e66e28;\"><strong>19:00 SJU concert (SK)<\/strong><\/p>\n<p><!-- \/wp:paragraph --><\/p>\n<p><!-- wp:paragraph {\"style\":{\"color\":{\"text\":\"#e66e28\"},\"elements\":{\"link\":{\"color\":{\"text\":\"#e66e28\"}}}}} --><\/p>\n<p class=\"has-text-color has-link-color\" style=\"color: #e66e28;\">A new name on the Slovak and Czech music scene, whose repertoire is full of playful and danceable electronics, colourful visuals, costumes and projections.<\/p>\n<p><!-- \/wp:paragraph --><\/p>\n<p><!-- wp:paragraph {\"style\":{\"color\":{\"text\":\"#e66e28\"},\"elements\":{\"link\":{\"color\":{\"text\":\"#e66e28\"}}}}} --><\/p>\n<p class=\"has-text-color has-link-color\" style=\"color: #e66e28;\">Location: 2nd floor, Prior\u00a0<\/p>\n<p><!-- \/wp:paragraph --><\/p>\n<p><!-- wp:paragraph {\"style\":{\"color\":{\"text\":\"#e66e28\"},\"elements\":{\"link\":{\"color\":{\"text\":\"#e66e28\"}}}}} --><\/p>\n<p class=\"has-text-color has-link-color\" style=\"color: #e66e28;\"><strong>22:00 AFTER DESIGN NIGHT<\/strong>\u00a0<\/p>\n<p><!-- \/wp:paragraph --><\/p>\n<p><!-- wp:paragraph {\"style\":{\"color\":{\"text\":\"#e66e28\"},\"elements\":{\"link\":{\"color\":{\"text\":\"#e66e28\"}}}}} --><\/p>\n<p class=\"has-text-color has-link-color\" style=\"color: #e66e28;\"><strong>DJ OSI, TO.BI, MISHAK<\/strong><\/p>\n<p><!-- \/wp:paragraph --><\/p>\n<p><!-- wp:paragraph {\"style\":{\"color\":{\"text\":\"#e66e28\"},\"elements\":{\"link\":{\"color\":{\"text\":\"#e66e28\"}}}}} --><\/p>\n<p class=\"has-text-color has-link-color\" style=\"color: #e66e28;\">Venue:Boh\u00e9ma, Kamenn\u00e9 n\u00e1mestie<\/p>\n<p>\u00a0<\/p>\n<p><!-- \/wp:paragraph --><\/p>\n<p><!-- wp:paragraph {\"style\":{\"color\":{\"text\":\"#e66e28\"},\"elements\":{\"link\":{\"color\":{\"text\":\"#e66e28\"}}}},\"fontSize\":\"medium\"} --><\/p>\n<p class=\"has-text-color has-link-color has-medium-font-size\" style=\"color: #e66e28;\"><span style=\"font-size: 18pt;\"><strong>SUNDAY 20 OCTOBER 2024<\/strong><\/span><\/p>\n<p><!-- \/wp:paragraph --><\/p>\n<p><!-- wp:paragraph {\"style\":{\"color\":{\"text\":\"#e66e28\"},\"elements\":{\"link\":{\"color\":{\"text\":\"#e66e28\"}}}}} --><\/p>\n<p class=\"has-text-color has-link-color\" style=\"color: #e66e28;\"><strong>15.00 Sunday after lunch | Social Design Workshop \/ no registration\u00a0<\/strong><\/p>\n<p><!-- \/wp:paragraph --><\/p>\n<p><!-- wp:paragraph {\"style\":{\"color\":{\"text\":\"#e66e28\"},\"elements\":{\"link\":{\"color\":{\"text\":\"#e66e28\"}}}}} --><\/p>\n<p class=\"has-text-color has-link-color\" style=\"color: #e66e28;\"><strong>What does it mean to be a social designer?\u00a0<\/strong><\/p>\n<p><!-- \/wp:paragraph --><\/p>\n<p><!-- wp:paragraph {\"style\":{\"color\":{\"text\":\"#e66e28\"},\"elements\":{\"link\":{\"color\":{\"text\":\"#e66e28\"}}}}} --><\/p>\n<p class=\"has-text-color has-link-color\" style=\"color: #e66e28;\">Location: 2nd floor, Prior\u00a0<\/p>\n<p><!-- \/wp:paragraph --><\/p>\n<p><!-- wp:paragraph {\"style\":{\"color\":{\"text\":\"#e66e28\"},\"elements\":{\"link\":{\"color\":{\"text\":\"#e66e28\"}}}}} --><\/p>\n<p class=\"has-text-color has-link-color\" style=\"color: #e66e28;\"><strong>16:00 <\/strong>Design Cinema - guided tour with Vladim\u00edra Hradecka<\/p>\n<p><!-- \/wp:paragraph --><\/p>\n<p><!-- wp:paragraph {\"style\":{\"color\":{\"text\":\"#e66e28\"},\"elements\":{\"link\":{\"color\":{\"text\":\"#e66e28\"}}}}} --><\/p>\n<p class=\"has-text-color has-link-color\" style=\"color: #e66e28;\">Location: 2nd floor, Prior\u00a0<\/p>\n<p><!-- \/wp:paragraph --><\/p>\n<p><!-- wp:paragraph {\"style\":{\"color\":{\"text\":\"#e66e28\"},\"elements\":{\"link\":{\"color\":{\"text\":\"#e66e28\"}}}}} --><\/p>\n<p class=\"has-text-color has-link-color\" style=\"color: #e66e28;\"><strong>17:00 - 21:00 Speed Design Dates, speed dating in the exhibition \/ GREP Password<\/strong><\/p>\n<p><!-- \/wp:paragraph --><\/p>\n<p><!-- wp:paragraph {\"style\":{\"color\":{\"text\":\"#e66e28\"},\"elements\":{\"link\":{\"color\":{\"text\":\"#e66e28\"}}}}} --><\/p>\n<p class=\"has-text-color has-link-color\" style=\"color: #e66e28;\">Location: 2nd floor, Prior\u00a0<\/p>\n<p><!-- \/wp:paragraph --><\/p>\t\t\t\t\t\t<\/div>\n\t\t\t\t<\/div>\n\t\t\t\t\t<\/div>\n\t\t\t\t<\/div>\n\t\t<div class=\"elementor-element elementor-element-1d3fb53e e-flex e-con-boxed e-con e-parent\" data-id=\"1d3fb53e\" data-element_type=\"container\">\n\t\t\t\t\t<div class=\"e-con-inner\">\n\t\t\t\t\t<\/div>\n\t\t\t\t<\/div>\n\t\t\t\t<\/div>","protected":false},"excerpt":{"rendered":"<p>Otv\u00e1racie hodiny v\u00fdstav BADW Hlavn\u00e1 centr\u00e1la OD Prior \/ 2. poschodie OPEN CALL, Kur\u00e1torsk\u00fd v\u00fdber\u00a0\u00a0 8:00 \u2013 20:00\u00a0 Centr\u00e1la GMB Mirbachov pal\u00e1c\u00a0\u00a0 Ed\u00edcia Majstri, Exped\u00edcia D pondelok: zatvoren\u00e9 utorok: 11:00 &#8211; 18:00\u00a0 streda: 13:00 &#8211; 20:00\u00a0 \u0161tvrtok \u2013 nede\u013ea: 11:00 \u2013 18:00\u00a0 \u00a0 \u00a0 OTV\u00c1RACIE HODINY Parallel Area K\u00fat.museum shop\u00a0 16. 10. \u2013 20. 10., [&hellip;]<\/p>","protected":false},"author":2,"featured_media":0,"parent":0,"menu_order":0,"comment_status":"closed","ping_status":"closed","template":"","meta":{"footnotes":""},"_links":{"self":[{"href":"https:\/\/www.bratislavadesignweek.sk\/en\/wp-json\/wp\/v2\/pages\/14676"}],"collection":[{"href":"https:\/\/www.bratislavadesignweek.sk\/en\/wp-json\/wp\/v2\/pages"}],"about":[{"href":"https:\/\/www.bratislavadesignweek.sk\/en\/wp-json\/wp\/v2\/types\/page"}],"author":[{"embeddable":true,"href":"https:\/\/www.bratislavadesignweek.sk\/en\/wp-json\/wp\/v2\/users\/2"}],"replies":[{"embeddable":true,"href":"https:\/\/www.bratislavadesignweek.sk\/en\/wp-json\/wp\/v2\/comments?post=14676"}],"version-history":[{"count":31,"href":"https:\/\/www.bratislavadesignweek.sk\/en\/wp-json\/wp\/v2\/pages\/14676\/revisions"}],"predecessor-version":[{"id":14713,"href":"https:\/\/www.bratislavadesignweek.sk\/en\/wp-json\/wp\/v2\/pages\/14676\/revisions\/14713"}],"wp:attachment":[{"href":"https:\/\/www.bratislavadesignweek.sk\/en\/wp-json\/wp\/v2\/media?parent=14676"}],"curies":[{"name":"wp","href":"https:\/\/api.w.org\/{rel}","templated":true}]}}